{"id":353,"date":"2021-07-29T16:44:49","date_gmt":"2021-07-29T16:44:49","guid":{"rendered":"http:\/\/test.urmenetamed.cl\/?page_id=353"},"modified":"2022-08-30T16:34:49","modified_gmt":"2022-08-30T16:34:49","slug":"especialidades","status":"publish","type":"page","link":"https:\/\/test.urmenetamed.cl\/?page_id=353","title":{"rendered":"Especialidades"},"content":{"rendered":"<p>[et_pb_section fb_built=\u00bb1&#8243; admin_label=\u00bbServices\u00bb _builder_version=\u00bb3.22&#8243; custom_padding=\u00bb100px|0px|100px|0px|false|false\u00bb][et_pb_row column_structure=\u00bb1_4,1_4,1_4,1_4&#8243; _builder_version=\u00bb4.4.8&#8243;][et_pb_column type=\u00bb1_4&#8243; _builder_version=\u00bb4.4.8&#8243;][et_pb_image src=\u00bbhttp:\/\/test.urmenetamed.cl\/wp-content\/uploads\/2022\/08\/Andres-Palacios.png\u00bb title_text=\u00bbAndr\u00e9s Palacios\u00bb _builder_version=\u00bb4.4.8&#8243; transform_translate=\u00bb38px|-1px\u00bb transform_translate_linked=\u00bboff\u00bb positioning=\u00bbrelative\u00bb width=\u00bb100%\u00bb][\/et_pb_image][\/et_pb_column][et_pb_column type=\u00bb1_4&#8243; _builder_version=\u00bb4.4.8&#8243;][et_pb_blurb title=\u00bbGastroenterolog\u00eda:\u00bb use_icon=\u00bbon\u00bb font_icon=\u00bb%%45%%\u00bb icon_color=\u00bb#2f8cff\u00bb use_circle=\u00bbon\u00bb circle_color=\u00bb#c5dfff\u00bb icon_placement=\u00bbleft\u00bb use_icon_font_size=\u00bbon\u00bb icon_font_size=\u00bb22px\u00bb _builder_version=\u00bb4.4.8&#8243; header_font=\u00bbMontserrat||||||||\u00bb header_line_height=\u00bb2em\u00bb body_font=\u00bbMontserrat|300|||||||\u00bb body_font_size=\u00bb15px\u00bb body_line_height=\u00bb2em\u00bb transform_translate=\u00bb1px|0px\u00bb transform_translate_linked=\u00bboff\u00bb custom_margin=\u00bb|-113px||||\u00bb animation_style=\u00bbfade\u00bb animation=\u00bboff\u00bb]<\/p>\n<ul>\n<li>Dr.\u00a0Andr\u00e9s Palacios Angelini<\/li>\n<li>RUT 6.590.376-8<\/li>\n<li>C\u00f3d.: 0101323<\/li>\n<li>Atenci\u00f3n: Lunes a Viernes, <br \/>\u00a0 \u00a0 \u00a0 \u00a0 \u00a0 \u00a0 \u00a0 \u00a0 \u00a0 \u00a0Solo en las tardes<\/li>\n<li>Bono Electr\u00f3nico<\/li>\n<\/ul>\n<p>[\/et_pb_blurb][\/et_pb_column][et_pb_column type=\u00bb1_4&#8243; _builder_version=\u00bb4.4.8&#8243;][et_pb_image src=\u00bbhttp:\/\/test.urmenetamed.cl\/wp-content\/uploads\/2022\/08\/Acupuntura.png\u00bb title_text=\u00bbAcupuntura\u00bb _builder_version=\u00bb4.4.8&#8243; transform_translate=\u00bb42px|-1px\u00bb transform_translate_linked=\u00bboff\u00bb positioning=\u00bbrelative\u00bb width=\u00bb100%\u00bb][\/et_pb_image][\/et_pb_column][et_pb_column type=\u00bb1_4&#8243; _builder_version=\u00bb4.4.8&#8243;][et_pb_blurb title=\u00bbMedicina China y Acupuntura:\u00bb use_icon=\u00bbon\u00bb font_icon=\u00bb%%45%%\u00bb icon_color=\u00bb#2f8cff\u00bb use_circle=\u00bbon\u00bb circle_color=\u00bb#c5dfff\u00bb icon_placement=\u00bbleft\u00bb use_icon_font_size=\u00bbon\u00bb icon_font_size=\u00bb22px\u00bb _builder_version=\u00bb4.4.8&#8243; header_font=\u00bbMontserrat||||||||\u00bb header_line_height=\u00bb2em\u00bb body_font=\u00bbMontserrat|300|||||||\u00bb body_font_size=\u00bb15px\u00bb body_line_height=\u00bb2em\u00bb custom_margin=\u00bb|-113px||||\u00bb animation_style=\u00bbfade\u00bb animation=\u00bboff\u00bb]<\/p>\n<ul>\n<li>Profesional: Claudio Rodr\u00edguez<\/li>\n<li>Atenci\u00f3n: Lunes a Viernes<\/li>\n<\/ul>\n<p>[\/et_pb_blurb][\/et_pb_column][\/et_pb_row][et_pb_row column_structure=\u00bb1_4,1_4,1_4,1_4&#8243; _builder_version=\u00bb4.4.8&#8243;][et_pb_column type=\u00bb1_4&#8243; _builder_version=\u00bb4.4.8&#8243;][et_pb_image src=\u00bbhttp:\/\/test.urmenetamed.cl\/wp-content\/uploads\/2022\/08\/JUAN-PABLO-RATTO.png\u00bb title_text=\u00bbJUAN PABLO RATTO\u00bb _builder_version=\u00bb4.4.8&#8243; transform_translate=\u00bb33px|-1px\u00bb transform_translate_linked=\u00bboff\u00bb positioning=\u00bbrelative\u00bb width=\u00bb100%\u00bb][\/et_pb_image][\/et_pb_column][et_pb_column type=\u00bb1_4&#8243; _builder_version=\u00bb4.4.8&#8243;][et_pb_blurb title=\u00bbKinesiolog\u00eda:\u00bb use_icon=\u00bbon\u00bb font_icon=\u00bb%%45%%\u00bb icon_color=\u00bb#2f8cff\u00bb use_circle=\u00bbon\u00bb circle_color=\u00bb#c5dfff\u00bb icon_placement=\u00bbleft\u00bb use_icon_font_size=\u00bbon\u00bb icon_font_size=\u00bb22px\u00bb _builder_version=\u00bb4.4.8&#8243; header_font=\u00bbMontserrat||||||||\u00bb header_line_height=\u00bb2em\u00bb body_font=\u00bbMontserrat|300|||||||\u00bb body_font_size=\u00bb15px\u00bb body_line_height=\u00bb2em\u00bb transform_translate_linked=\u00bboff\u00bb custom_margin=\u00bb|-113px||||\u00bb custom_padding=\u00bb|17px||||\u00bb animation_style=\u00bbfade\u00bb animation=\u00bboff\u00bb]<\/p>\n<ul>\n<li>Profesional: Juan Pablo Ratto D\u00edaz\n<ul>\n<li>RUT 16.961.089-4<\/li>\n<li>Atenci\u00f3n: Viernes (AM).<\/li>\n<li>Solo particular<\/li>\n<li>Precios Especiales<\/li>\n<\/ul>\n<\/li>\n<\/ul>\n<p>[\/et_pb_blurb][\/et_pb_column][et_pb_column type=\u00bb1_4&#8243; _builder_version=\u00bb4.4.8&#8243;][et_pb_image src=\u00bbhttp:\/\/test.urmenetamed.cl\/wp-content\/uploads\/2022\/08\/SICOLOGA-LORENA-ECHEVERRIA.png\u00bb title_text=\u00bbSICOLOGA LORENA ECHEVERRIA\u00bb _builder_version=\u00bb4.4.8&#8243; transform_translate=\u00bb42px|-1px\u00bb transform_translate_linked=\u00bboff\u00bb positioning=\u00bbrelative\u00bb width=\u00bb100%\u00bb][\/et_pb_image][\/et_pb_column][et_pb_column type=\u00bb1_4&#8243; _builder_version=\u00bb4.4.8&#8243;][et_pb_blurb title=\u00bbPsicolog\u00eda:\u00bb use_icon=\u00bbon\u00bb font_icon=\u00bb%%45%%\u00bb icon_color=\u00bb#2f8cff\u00bb use_circle=\u00bbon\u00bb circle_color=\u00bb#c5dfff\u00bb icon_placement=\u00bbleft\u00bb use_icon_font_size=\u00bbon\u00bb icon_font_size=\u00bb22px\u00bb _builder_version=\u00bb4.4.8&#8243; header_font=\u00bbMontserrat||||||||\u00bb header_line_height=\u00bb2em\u00bb body_font=\u00bbMontserrat|300|||||||\u00bb body_font_size=\u00bb15px\u00bb body_line_height=\u00bb2em\u00bb custom_margin=\u00bb|-113px||||\u00bb animation_style=\u00bbfade\u00bb animation=\u00bboff\u00bb]<\/p>\n<ul>\n<li>Profesional: Lorena Echeverr\u00eda<\/li>\n<li>Atenci\u00f3n: Lunes a Viernes<\/li>\n<li>Solo particular<\/li>\n<\/ul>\n<p>[\/et_pb_blurb][\/et_pb_column][\/et_pb_row][et_pb_row column_structure=\u00bb1_4,1_4,1_4,1_4&#8243; _builder_version=\u00bb4.4.8&#8243;][et_pb_column type=\u00bb1_4&#8243; _builder_version=\u00bb4.4.8&#8243;][et_pb_image src=\u00bbhttp:\/\/test.urmenetamed.cl\/wp-content\/uploads\/2022\/08\/rodrigo-zamora.png\u00bb title_text=\u00bbrodrigo zamora\u00bb _builder_version=\u00bb4.4.8&#8243; transform_translate=\u00bb33px|-1px\u00bb transform_translate_linked=\u00bboff\u00bb positioning=\u00bbrelative\u00bb width=\u00bb100%\u00bb][\/et_pb_image][\/et_pb_column][et_pb_column type=\u00bb1_4&#8243; _builder_version=\u00bb4.4.8&#8243;][et_pb_blurb title=\u00bbGinecolog\u00eda:\u00bb use_icon=\u00bbon\u00bb font_icon=\u00bb%%45%%\u00bb icon_color=\u00bb#2f8cff\u00bb use_circle=\u00bbon\u00bb circle_color=\u00bb#c5dfff\u00bb icon_placement=\u00bbleft\u00bb use_icon_font_size=\u00bbon\u00bb icon_font_size=\u00bb22px\u00bb _builder_version=\u00bb4.4.8&#8243; header_font=\u00bbMontserrat||||||||\u00bb header_line_height=\u00bb2em\u00bb body_font=\u00bbMontserrat|300|||||||\u00bb body_font_size=\u00bb15px\u00bb body_line_height=\u00bb2em\u00bb transform_translate_linked=\u00bboff\u00bb custom_margin=\u00bb|-113px||||\u00bb custom_padding=\u00bb|22px||||\u00bb animation_style=\u00bbfade\u00bb animation=\u00bboff\u00bb]<\/p>\n<ul>\n<li>Dr.\u00a0Rodrigo Zamora Garc\u00eda\n<ul>\n<li>RUT\u00a011.344.563-7<\/li>\n<li>C\u00f3d.: 0101308<\/li>\n<li>Atenci\u00f3n: Lunes (AM)<\/li>\n<li>Particular y Fonasa<\/li>\n<\/ul>\n<\/li>\n<\/ul>\n<p>[\/et_pb_blurb][\/et_pb_column][et_pb_column type=\u00bb1_4&#8243; _builder_version=\u00bb4.4.8&#8243;][et_pb_image src=\u00bbhttp:\/\/test.urmenetamed.cl\/wp-content\/uploads\/2022\/08\/JAIME-VIDAL.png\u00bb title_text=\u00bbJAIME VIDAL\u00bb _builder_version=\u00bb4.4.8&#8243; transform_translate=\u00bb42px|-1px\u00bb transform_translate_linked=\u00bboff\u00bb positioning=\u00bbrelative\u00bb width=\u00bb100%\u00bb][\/et_pb_image][\/et_pb_column][et_pb_column type=\u00bb1_4&#8243; _builder_version=\u00bb4.4.8&#8243;][et_pb_blurb title=\u00bbDiabetolog\u00eda:\u00bb use_icon=\u00bbon\u00bb font_icon=\u00bb%%45%%\u00bb icon_color=\u00bb#2f8cff\u00bb use_circle=\u00bbon\u00bb circle_color=\u00bb#c5dfff\u00bb icon_placement=\u00bbleft\u00bb use_icon_font_size=\u00bbon\u00bb icon_font_size=\u00bb22px\u00bb _builder_version=\u00bb4.4.8&#8243; header_font=\u00bbMontserrat||||||||\u00bb header_line_height=\u00bb2em\u00bb body_font=\u00bbMontserrat|300|||||||\u00bb body_font_size=\u00bb15px\u00bb body_line_height=\u00bb2em\u00bb custom_margin=\u00bb|-113px||||\u00bb animation_style=\u00bbfade\u00bb animation=\u00bboff\u00bb]<\/p>\n<ul>\n<li>Dr. Jaime Vidal Figueroa\n<ul>\n<li>RUT\u00a06.101.947-2<\/li>\n<li>C\u00f3d.: 0101323<\/li>\n<li>Atenci\u00f3n: Martes (PM).<\/li>\n<li>Particular y Fonasa<\/li>\n<\/ul>\n<\/li>\n<\/ul>\n<p>[\/et_pb_blurb][\/et_pb_column][\/et_pb_row][et_pb_row column_structure=\u00bb1_4,1_4,1_4,1_4&#8243; _builder_version=\u00bb4.4.8&#8243; width=\u00bb87.7%\u00bb][et_pb_column type=\u00bb1_4&#8243; _builder_version=\u00bb4.4.8&#8243;][et_pb_image src=\u00bbhttp:\/\/test.urmenetamed.cl\/wp-content\/uploads\/2022\/08\/ASHLIE-SERAIN.png\u00bb title_text=\u00bbASHLIE SERAIN\u00bb _builder_version=\u00bb4.4.8&#8243; transform_translate=\u00bb42px|-1px\u00bb transform_translate_linked=\u00bboff\u00bb positioning=\u00bbrelative\u00bb width=\u00bb100%\u00bb][\/et_pb_image][\/et_pb_column][et_pb_column type=\u00bb1_4&#8243; _builder_version=\u00bb4.4.8&#8243;][et_pb_blurb title=\u00bbNutricionista:\u00bb use_icon=\u00bbon\u00bb font_icon=\u00bb%%45%%\u00bb icon_color=\u00bb#2f8cff\u00bb use_circle=\u00bbon\u00bb circle_color=\u00bb#c5dfff\u00bb icon_placement=\u00bbleft\u00bb use_icon_font_size=\u00bbon\u00bb icon_font_size=\u00bb22px\u00bb _builder_version=\u00bb4.4.8&#8243; header_font=\u00bbMontserrat||||||||\u00bb header_line_height=\u00bb2em\u00bb body_font=\u00bbMontserrat|300|||||||\u00bb body_font_size=\u00bb15px\u00bb body_line_height=\u00bb2em\u00bb transform_translate=\u00bb11px|0px\u00bb transform_translate_linked=\u00bboff\u00bb custom_margin=\u00bb|-113px||||\u00bb animation_style=\u00bbfade\u00bb animation=\u00bboff\u00bb]<\/p>\n<ul>\n<li>Profesional: Ashlie Serain<\/li>\n<li>Atenci\u00f3n: AM y PM<\/li>\n<li>Particular y Fonasa<\/li>\n<\/ul>\n<p>[\/et_pb_blurb][\/et_pb_column][et_pb_column type=\u00bb1_4&#8243; _builder_version=\u00bb4.4.8&#8243;][et_pb_image src=\u00bbhttp:\/\/test.urmenetamed.cl\/wp-content\/uploads\/2022\/08\/OSCAR-HERRERA.png\u00bb title_text=\u00bbOSCAR HERRERA\u00bb _builder_version=\u00bb4.4.8&#8243; transform_scale=\u00bb102%|102%\u00bb transform_translate=\u00bb42px|-1px\u00bb transform_translate_linked=\u00bboff\u00bb positioning=\u00bbrelative\u00bb width=\u00bb100%\u00bb][\/et_pb_image][\/et_pb_column][et_pb_column type=\u00bb1_4&#8243; _builder_version=\u00bb4.4.8&#8243;][et_pb_blurb title=\u00bbFonoaudiolog\u00eda:\u00bb use_icon=\u00bbon\u00bb font_icon=\u00bb%%45%%\u00bb icon_color=\u00bb#2f8cff\u00bb use_circle=\u00bbon\u00bb circle_color=\u00bb#c5dfff\u00bb icon_placement=\u00bbleft\u00bb use_icon_font_size=\u00bbon\u00bb icon_font_size=\u00bb22px\u00bb _builder_version=\u00bb4.4.8&#8243; header_font=\u00bbMontserrat||||||||\u00bb header_line_height=\u00bb2em\u00bb body_font=\u00bbMontserrat|300|||||||\u00bb body_font_size=\u00bb15px\u00bb body_line_height=\u00bb2em\u00bb transform_translate=\u00bb2px|0px\u00bb transform_translate_linked=\u00bboff\u00bb custom_margin=\u00bb|-113px||||\u00bb animation_style=\u00bbfade\u00bb animation=\u00bboff\u00bb]<\/p>\n<ul>\n<li>Profesional: Oscar Herrera\n<ul>\n<li>Atenci\u00f3n: Lunes (PM).<\/li>\n<li>Particular y Fonasa<\/li>\n<\/ul>\n<\/li>\n<\/ul>\n<p>[\/et_pb_blurb][\/et_pb_column][\/et_pb_row][et_pb_row column_structure=\u00bb1_2,1_2&#8243; _builder_version=\u00bb4.4.8&#8243;][et_pb_column type=\u00bb1_2&#8243; _builder_version=\u00bb4.4.8&#8243;][et_pb_image src=\u00bbhttp:\/\/test.urmenetamed.cl\/wp-content\/uploads\/2021\/12\/etcheverry.jpg\u00bb title_text=\u00bbetcheverry\u00bb _builder_version=\u00bb4.4.8&#8243;][\/et_pb_image][\/et_pb_column][et_pb_column type=\u00bb1_2&#8243; _builder_version=\u00bb4.4.8&#8243;][et_pb_blurb title=\u00bbLaboratorio Etcheverry\u00bb _builder_version=\u00bb4.4.8&#8243; header_level=\u00bbh2&#8243; header_text_align=\u00bbleft\u00bb body_text_align=\u00bbcenter\u00bb body_ul_text_align=\u00bbcenter\u00bb transform_translate=\u00bb28px|27px\u00bb custom_padding=\u00bb|||9px||\u00bb]<\/p>\n<ul>\n<li style=\"text-align: left;\">Toma de Muetras<\/li>\n<li style=\"text-align: left;\">PCR<\/li>\n<li style=\"text-align: left;\">Atenci\u00f3n: Lunes, Martes, Mi\u00e9rcoles, Jueves, Viernes, Bono Electr\u00f3nico.<\/li>\n<li style=\"text-align: left;\">Horario: 08:00 a 13:30 hrs y de 14:30 a 18:00 hrs.<\/li>\n<li style=\"text-align: left;\">Tel\u00e9fono directo: 332333820<br \/>correo: limache.etcheverry@gmail.com<\/li>\n<\/ul>\n<p>[\/et_pb_blurb][\/et_pb_column][\/et_pb_row][\/et_pb_section]<\/p>\n","protected":false},"excerpt":{"rendered":"<p>[et_pb_section fb_built=\u00bb1&#8243; admin_label=\u00bbServices\u00bb _builder_version=\u00bb3.22&#8243; custom_padding=\u00bb100px|0px|100px|0px|false|false\u00bb][et_pb_row column_structure=\u00bb1_4,1_4,1_4,1_4&#8243; _builder_version=\u00bb4.4.8&#8243;][et_pb_column type=\u00bb1_4&#8243; _builder_version=\u00bb4.4.8&#8243;][et_pb_image src=\u00bbhttp:\/\/test.urmenetamed.cl\/wp-content\/uploads\/2022\/08\/Andres-Palacios.png\u00bb title_text=\u00bbAndr\u00e9s Palacios\u00bb _builder_version=\u00bb4.4.8&#8243; transform_translate=\u00bb38px|-1px\u00bb transform_translate_linked=\u00bboff\u00bb positioning=\u00bbrelative\u00bb width=\u00bb100%\u00bb][\/et_pb_image][\/et_pb_column][et_pb_column type=\u00bb1_4&#8243; _builder_version=\u00bb4.4.8&#8243;][et_pb_blurb title=\u00bbGastroenterolog\u00eda:\u00bb use_icon=\u00bbon\u00bb font_icon=\u00bb%%45%%\u00bb icon_color=\u00bb#2f8cff\u00bb use_circle=\u00bbon\u00bb circle_color=\u00bb#c5dfff\u00bb icon_placement=\u00bbleft\u00bb use_icon_font_size=\u00bbon\u00bb icon_font_size=\u00bb22px\u00bb _builder_version=\u00bb4.4.8&#8243; header_font=\u00bbMontserrat||||||||\u00bb header_line_height=\u00bb2em\u00bb body_font=\u00bbMontserrat|300|||||||\u00bb body_font_size=\u00bb15px\u00bb body_line_height=\u00bb2em\u00bb transform_translate=\u00bb1px|0px\u00bb transform_translate_linked=\u00bboff\u00bb custom_margin=\u00bb|-113px||||\u00bb animation_style=\u00bbfade\u00bb animation=\u00bboff\u00bb] Dr.\u00a0Andr\u00e9s Palacios Angelini RUT 6.590.376-8 C\u00f3d.: 0101323 Atenci\u00f3n: Lunes a Viernes, \u00a0 \u00a0 \u00a0 \u00a0 \u00a0 [&hellip;]<\/p>\n","protected":false},"author":1,"featured_media":0,"parent":0,"menu_order":0,"comment_status":"closed","ping_status":"closed","template":"","meta":{"_et_pb_use_builder":"on","_et_pb_old_content":"","_et_gb_content_width":""},"_links":{"self":[{"href":"https:\/\/test.urmenetamed.cl\/index.php?rest_route=\/wp\/v2\/pages\/353"}],"collection":[{"href":"https:\/\/test.urmenetamed.cl\/index.php?rest_route=\/wp\/v2\/pages"}],"about":[{"href":"https:\/\/test.urmenetamed.cl\/index.php?rest_route=\/wp\/v2\/types\/page"}],"author":[{"embeddable":true,"href":"https:\/\/test.urmenetamed.cl\/index.php?rest_route=\/wp\/v2\/users\/1"}],"replies":[{"embeddable":true,"href":"https:\/\/test.urmenetamed.cl\/index.php?rest_route=%2Fwp%2Fv2%2Fcomments&post=353"}],"version-history":[{"count":39,"href":"https:\/\/test.urmenetamed.cl\/index.php?rest_route=\/wp\/v2\/pages\/353\/revisions"}],"predecessor-version":[{"id":715,"href":"https:\/\/test.urmenetamed.cl\/index.php?rest_route=\/wp\/v2\/pages\/353\/revisions\/715"}],"wp:attachment":[{"href":"https:\/\/test.urmenetamed.cl\/index.php?rest_route=%2Fwp%2Fv2%2Fmedia&parent=353"}],"curies":[{"name":"wp","href":"https:\/\/api.w.org\/{rel}","templated":true}]}}